{"id":3176,"date":"2026-08-08T03:01:52","date_gmt":"2026-08-08T03:01:52","guid":{"rendered":"https:\/\/moisesfregosomusica.com\/?page_id=3176"},"modified":"2026-08-08T03:07:26","modified_gmt":"2026-08-08T03:07:26","slug":"pagina-principal-4-2","status":"publish","type":"page","link":"https:\/\/moisesfregosomusica.com\/index.php\/pagina-principal-4-2\/","title":{"rendered":"ACERCA DE M\u00cd"},"content":{"rendered":"<p>[et_pb_section fb_built=\u00bb1&#8243; _builder_version=\u00bb4.27.4&#8243; _module_preset=\u00bbdefault\u00bb use_background_color_gradient=\u00bbon\u00bb background_color_gradient_stops=\u00bbrgba(0,0,0,0.8) 0%|rgba(0,0,0,0.8) 100%\u00bb background_color_gradient_overlays_image=\u00bbon\u00bb background_image=\u00bbhttps:\/\/moisesfregosomusica.com\/wp-content\/uploads\/2025\/04\/20250415_192838-scaled.jpg\u00bb custom_padding=\u00bb21px||0px|||\u00bb locked=\u00bboff\u00bb global_colors_info=\u00bb{}\u00bb][et_pb_row _builder_version=\u00bb4.27.4&#8243; _module_preset=\u00bbdefault\u00bb min_height=\u00bb64.2px\u00bb custom_padding=\u00bb40px||16px|||\u00bb global_colors_info=\u00bb{}\u00bb][et_pb_column type=\u00bb4_4&#8243; _builder_version=\u00bb4.27.4&#8243; _module_preset=\u00bbdefault\u00bb global_colors_info=\u00bb{}\u00bb][et_pb_text _builder_version=\u00bb4.27.4&#8243; _module_preset=\u00bbdefault\u00bb text_font=\u00bbLora||||||||\u00bb header_3_font=\u00bbRoboto Flex|||||on|||\u00bb header_3_text_align=\u00bbcenter\u00bb header_3_text_color=\u00bb#FFFFFF\u00bb header_3_font_size=\u00bb50px\u00bb header_3_letter_spacing=\u00bb2px\u00bb header_3_line_height=\u00bb1.25em\u00bb header_5_font=\u00bbLora|600|||||||\u00bb header_5_text_align=\u00bbcenter\u00bb header_5_text_color=\u00bb#FFFFFF\u00bb header_5_font_size=\u00bb22px\u00bb header_5_letter_spacing=\u00bb0.5px\u00bb header_5_line_height=\u00bb0.8em\u00bb width=\u00bb100%\u00bb width_tablet=\u00bb100%\u00bb width_phone=\u00bb100%\u00bb width_last_edited=\u00bbon|phone\u00bb module_alignment=\u00bbcenter\u00bb min_height=\u00bb37.5px\u00bb custom_margin=\u00bb-2px||-1px||false|false\u00bb custom_padding=\u00bb||34px|||\u00bb hover_enabled=\u00bb0&#8243; header_3_font_size_tablet=\u00bb42px\u00bb header_3_font_size_phone=\u00bb24px\u00bb header_3_font_size_last_edited=\u00bbon|phone\u00bb header_5_font_size_tablet=\u00bb19px\u00bb header_5_font_size_phone=\u00bb14px\u00bb header_5_font_size_last_edited=\u00bbon|phone\u00bb global_colors_info=\u00bb{}\u00bb sticky_enabled=\u00bb0&#8243;]<\/p>\n<h3>Acerca de m\u00ed<\/h3>\n<h5><\/h5>\n<p>[\/et_pb_text][\/et_pb_column][\/et_pb_row][\/et_pb_section][et_pb_section fb_built=\u00bb1&#8243; _builder_version=\u00bb4.27.4&#8243; _module_preset=\u00bbdefault\u00bb background_color=\u00bb#FFFFFF\u00bb background_enable_image=\u00bboff\u00bb custom_margin=\u00bb||0px||false|false\u00bb custom_padding=\u00bb0px|0px|0px||false|false\u00bb top_divider_height=\u00bb46px\u00bb top_divider_repeat=\u00bb1x\u00bb top_divider_flip=\u00bbvertical|horizontal\u00bb top_divider_arrangement=\u00bbabove_content\u00bb global_colors_info=\u00bb{}\u00bb][et_pb_row module_id=\u00bbacercademi\u00bb _builder_version=\u00bb4.27.4&#8243; _module_preset=\u00bbdefault\u00bb custom_padding=\u00bb3px||0px|||\u00bb animation_style=\u00bbfade\u00bb global_colors_info=\u00bb{}\u00bb][et_pb_column type=\u00bb4_4&#8243; _builder_version=\u00bb4.27.4&#8243; _module_preset=\u00bbdefault\u00bb global_colors_info=\u00bb{}\u00bb][et_pb_text _builder_version=\u00bb4.27.4&#8243; _module_preset=\u00bbdefault\u00bb text_font=\u00bbOpen Sans||||||||\u00bb text_text_color=\u00bb#000000&#8243; text_font_size=\u00bb17px\u00bb header_font=\u00bbMontserrat|600|||||||\u00bb header_text_align=\u00bbcenter\u00bb header_text_color=\u00bb#000000&#8243; text_orientation=\u00bbjustified\u00bb custom_margin=\u00bb||4px|||\u00bb custom_padding=\u00bb13px||10px|||\u00bb text_font_size_tablet=\u00bb17px\u00bb text_font_size_phone=\u00bb16px\u00bb text_font_size_last_edited=\u00bbon|phone\u00bb header_font_size_tablet=\u00bb\u00bb header_font_size_phone=\u00bb\u00bb header_font_size_last_edited=\u00bbon|phone\u00bb global_colors_info=\u00bb{}\u00bb]<\/p>\n<h1 style=\"text-align: center;\"><\/h1>\n<p style=\"text-align: justify;\">\u00a1Hola, mi nombre es Mois\u00e9s!\u00a0 Me he dedicado a la ense\u00f1anza del piano desde hace varios a\u00f1os. Comenc\u00e9 a impartir mis primeras clases en el a\u00f1o 2009, pero fue a partir del a\u00f1o 2017 que comenc\u00e9 a dedicarme de tiempo completo a ense\u00f1ar piano a trav\u00e9s de clases particulares. Desde entonces, he tenido el privilegio de trabajar hasta con m\u00e1s de 20 alumnos por semana, abarcando alumnos de diversas edades y niveles. Adem\u00e1s de mi pasi\u00f3n por la m\u00fasica, tambi\u00e9n me gustan las ciencias naturales, especialmente la qu\u00edmica y la biolog\u00eda.<\/p>\n<p style=\"text-align: justify;\">Mis estudios musicales comenzaron en la adolescencia cuando comenc\u00e9 a estudiar piano en una academia particular, luego continu\u00e9 mis estudios en la escuela de m\u00fasica de la Universidad de Guadalajara, donde primero curs\u00e9 el taller de m\u00fasica, tras haberlo concluido ingres\u00e9 a la carrera profesional de m\u00fasica en esa misma universidad donde recib\u00ed mis clases de piano del maestro Marco Antonio Verd\u00edn y de la reconocida maestra Leonor Montijo Beraud.<\/p>\n<p style=\"text-align: justify;\">Despu\u00e9s, con el fin de crecer en mi formaci\u00f3n personal y ampliar mis conocimientos generales, decid\u00ed estudiar ciencias en el Centro Universitario de Ciencias Exactas de la Universidad de Guadalajara, donde estudi\u00e9 y me titul\u00e9 en la licenciatura de Qu\u00edmico Farmacobi\u00f3logo. Y aunque tengo un gran gusto por las ciencias, con el paso del tiempo he ido comprendiendo que Dios me dio la m\u00fasica como mi m\u00e1s grande pasi\u00f3n y vocaci\u00f3n, es por ello que me he dedicado a la m\u00fasica y a impartir clases de piano.<\/p>\n<p style=\"text-align: justify;\">Con el fin de seguir creciendo en mi conocimiento musical he continuado mis estudios musicales a trav\u00e9s de clases particulares de piano con la maestra alemana, Marita Zimmer.\u00a0<\/p>\n<p style=\"text-align: justify;\">Tengo una gran gusto por la producci\u00f3n musical, me enfoco particularmente en la producci\u00f3n de himnos cristianos; a lo largo de los a\u00f1os me he dedicado a grabar himnos junto con otros hermanos, encarg\u00e1ndome de la direcci\u00f3n musical de estos proyectos. Actualmente estoy trabajando y dirigiendo un nuevo proyecto de grabaci\u00f3n de himnos. Tambi\u00e9n he participado como pianista en agrupaciones musicales.\u00a0 \u00a0<\/p>\n<p style=\"text-align: justify;\">\n<p>[\/et_pb_text][\/et_pb_column][\/et_pb_row][\/et_pb_section]<\/p>\n","protected":false},"excerpt":{"rendered":"<p>Acerca de m\u00ed \u00a1Hola, mi nombre es Mois\u00e9s!\u00a0 Me he dedicado a la ense\u00f1anza del piano desde hace varios a\u00f1os. Comenc\u00e9 a impartir mis primeras clases en el a\u00f1o 2009, pero fue a partir del a\u00f1o 2017 que comenc\u00e9 a dedicarme de tiempo completo a ense\u00f1ar piano a trav\u00e9s de clases particulares. Desde entonces, he [&hellip;]<\/p>\n","protected":false},"author":1,"featured_media":0,"parent":0,"menu_order":0,"comment_status":"closed","ping_status":"closed","template":"","meta":{"_et_pb_use_builder":"on","_et_pb_old_content":"[et_pb_section fb_built=\"1\" _builder_version=\"4.27.4\" _module_preset=\"default\" use_background_color_gradient=\"on\" background_color_gradient_stops=\"rgba(0,0,0,0.8) 0%|rgba(0,0,0,0.8) 100%\" background_color_gradient_overlays_image=\"on\" background_image=\"https:\/\/moisesfregosomusica.com\/wp-content\/uploads\/2025\/04\/20250415_192838-scaled.jpg\" custom_padding=\"21px||0px|||\" locked=\"off\" global_colors_info=\"{}\"][et_pb_row _builder_version=\"4.27.4\" _module_preset=\"default\" min_height=\"64.2px\" custom_padding=\"40px||16px|||\" global_colors_info=\"{}\"][et_pb_column type=\"4_4\" _builder_version=\"4.27.4\" _module_preset=\"default\" global_colors_info=\"{}\"][et_pb_text _builder_version=\"4.27.4\" _module_preset=\"default\" text_font=\"Lora||||||||\" header_3_font=\"Roboto Flex|||on|||||\" header_3_text_align=\"center\" header_3_text_color=\"#FFFFFF\" header_3_font_size=\"50px\" header_3_letter_spacing=\"2px\" header_3_line_height=\"1.25em\" header_5_font=\"Lora|600|||||||\" header_5_text_align=\"center\" header_5_text_color=\"#FFFFFF\" header_5_font_size=\"22px\" header_5_letter_spacing=\"0.5px\" header_5_line_height=\"0.8em\" width=\"100%\" width_tablet=\"100%\" width_phone=\"100%\" width_last_edited=\"on|phone\" module_alignment=\"center\" min_height=\"37.5px\" custom_margin=\"-2px||-1px||false|false\" custom_padding=\"||34px|||\" hover_enabled=\"0\" header_3_font_size_tablet=\"42px\" header_3_font_size_phone=\"24px\" header_3_font_size_last_edited=\"on|phone\" header_5_font_size_tablet=\"19px\" header_5_font_size_phone=\"14px\" header_5_font_size_last_edited=\"on|phone\" global_colors_info=\"{}\" sticky_enabled=\"0\"]<h3>Clases de Piano<\/h3>\n<h5><\/h5>[\/et_pb_text][\/et_pb_column][\/et_pb_row][\/et_pb_section][et_pb_section fb_built=\"1\" _builder_version=\"4.27.4\" _module_preset=\"default\" background_color=\"#FFFFFF\" background_enable_image=\"off\" custom_margin=\"||0px||false|false\" custom_padding=\"0px|0px|0px||false|false\" top_divider_height=\"46px\" top_divider_repeat=\"1x\" top_divider_flip=\"vertical|horizontal\" top_divider_arrangement=\"above_content\" global_colors_info=\"{}\"][et_pb_row module_id=\"clasesdepiano\" _builder_version=\"4.27.4\" _module_preset=\"default\" custom_margin=\"27px|auto||auto||\" custom_padding=\"9px||0px|||\" animation_style=\"fade\" global_colors_info=\"{}\"][et_pb_column type=\"4_4\" _builder_version=\"4.27.4\" _module_preset=\"default\" global_colors_info=\"{}\"][et_pb_text _builder_version=\"4.27.4\" _module_preset=\"default\" text_font=\"Inter||||||||\" header_2_font=\"Cormorant Garamond|700|||||||\" header_2_text_align=\"center\" header_2_text_color=\"#000000\" header_2_font_size=\"30px\" header_2_letter_spacing=\"1px\" header_2_line_height=\"0.8em\" header_4_font=\"Inter||||||||\" header_4_text_align=\"center\" header_4_text_color=\"#000000\" header_4_font_size=\"16px\" header_4_letter_spacing=\"1px\" module_alignment=\"center\" custom_margin=\"3px||-13px|||\" custom_padding=\"1px||14px|||\" hover_enabled=\"0\" header_2_font_size_tablet=\"30px\" header_2_font_size_phone=\"22px\" header_2_font_size_last_edited=\"on|phone\" header_4_font_size_tablet=\"15px\" header_4_font_size_phone=\"13px\" header_4_font_size_last_edited=\"on|tablet\" global_colors_info=\"{}\" sticky_enabled=\"0\"]<h4><\/h4>\n<h2>\u00a0NUESTRO VIAJE<\/h2>\n<h2>COMIENZA AQU\u00cd<\/h2>[\/et_pb_text][et_pb_text _builder_version=\"4.27.4\" _module_preset=\"default\" text_font=\"Open Sans||||||||\" text_text_color=\"#000000\" text_font_size=\"17px\" header_font=\"Montserrat|600|||||||\" header_text_align=\"center\" header_text_color=\"#000000\" text_orientation=\"justified\" custom_margin=\"20px||4px|||\" custom_padding=\"0px||0px|||\" text_font_size_tablet=\"17px\" text_font_size_phone=\"16px\" text_font_size_last_edited=\"on|phone\" header_font_size_tablet=\"\" header_font_size_phone=\"\" header_font_size_last_edited=\"on|phone\" global_colors_info=\"{}\"]<p>\u00a1Hola, mi nombre es Mois\u00e9s! Soy cristiano por la gracia de Dios. Creo que el fin y prop\u00f3sito de todo hombre debe de ser la gloria de Dios. Por ello, todo aprendizaje, incluyendo el de la m\u00fasica, debe de tener como fin hacerlo para el Se\u00f1or y Su gloria (1 corintios 10:31). Deseo que mis clases sirvan a este fin, y as\u00ed nuestro aprendizaje tenga un prop\u00f3sito que trascienda para la eternidad.<\/p>\n<p>Me dedico a ense\u00f1ar piano cl\u00e1sico, formando a mis alumnos desde sus primeros pasos hasta un dominio s\u00f3lido de este bello instrumento. Ya sea que deseen una formaci\u00f3n profesional o solamente el poder disfrutar de tocar sus piezas favoritas, mis clases siempre ser\u00e1n con un formato acad\u00e9mico basado en la m\u00fasica cl\u00e1sica.<\/p>\n<p><strong>REPERTORIO CL\u00c1SICO<\/strong><\/p>\n<p>En mis clases abarcaremos repertorio de los distintos periodos de la m\u00fasica cl\u00e1sica: el periodo barroco, el cl\u00e1sico y el rom\u00e1ntico. Para cubrir estos periodos trabajaremos con piezas y obras de distintos compositores tales como: Bach, Mozart, Beethoven, Chopin, Scarlatti, Clementi, Schumann, entre muchos m\u00e1s.<\/p>\n<p><strong>CLASES PERSONALIZADAS<\/strong><\/p>\n<p>Las clases son completamente individuales, de profesor a alumno; eso me permite darle a cada alumno una ense\u00f1anza personalizada y adaptada a su propio ritmo, basada en sus necesidades y objetivos particulares.<\/p>\n<p><strong>HABILIDADES QUE ADQUIRIR\u00c1N<\/strong><\/p>\n<p><span style=\"font-size: 17px;\">- Desarrollar\u00e1n una t\u00e9cnica pian\u00edstica solida para la correcta ejecuci\u00f3n de la m\u00fasica cl\u00e1sica (y de cualquier otro genero musical que lleguen a tocar).<\/span><\/p>\n<p><span style=\"font-size: 17px;\">- Obtendr\u00e1n la habilidad de leer partituras con fluidez; desde el primer d\u00eda de clases comenzar\u00e1n a aprender a leer partitura.<\/span><\/p>\n<p><span style=\"font-size: 17px;\">- Aprender\u00e1n a tocar e interpretar de una manera formal y acad\u00e9mica la m\u00fasica cl\u00e1sica, de manera que puedan lograr una expresividad musical que les permita ser competentes en cualquier contexto donde lo decidan aplicar.<\/span><\/p>\n<p><strong>FORMACI\u00d3N CL\u00c1SICA<\/strong><\/p>\n<p>La formaci\u00f3n base y principal de mis alumnos es a trav\u00e9s de la m\u00fasica cl\u00e1sica. \u00bfPor qu\u00e9 raz\u00f3n? Porque solo la m\u00fasica cl\u00e1sica brinda al alumno un \u00edntegro y solido desarrollo de conocimiento, t\u00e9cnica y destreza musical. Esto debido a que solamente la m\u00fasica cl\u00e1sica cuenta con la mayor riqueza en los distintos elementos de la m\u00fasica como son el ritmo, la melod\u00eda y la armon\u00eda. Por ello, cualquier persona que haya adquirido cierto grado de conocimiento y ejecuci\u00f3n de la m\u00fasica cl\u00e1sica podr\u00e1 abordar cualquier otro g\u00e9nero y estilo musical sin dificultad alguna.<\/p>\n<p><strong>HIMNOS CRISTIANOS<\/strong><\/p>\n<p>Adem\u00e1s de m\u00fasica cl\u00e1sica, mis alumnos aprender\u00e1n a tocar himnos, esto con el prop\u00f3sito de que cuenten con una herramienta musical que puedan utilizar para el servicio de nuestro Dios: ya sea para tocar en su iglesia, en sus devocionales familiares y personales, o para cualquier otra forma de servicio al Se\u00f1or; a lo largo de su formaci\u00f3n musical, el alumno ir\u00e1 construyendo un repertorio cl\u00e1sico y un repertorio en himnos, as\u00ed adquirir\u00e1 las herramientas musicales necesarias para estar capacitado y preparado para cualquiera que sea la providencia del Se\u00f1or para el uso de esas herramientas. <strong><\/strong><\/p>\n<p><strong>\u00bfC\u00d3MO SE IMPARTEN LAS CLASES?<\/strong><\/p>\n<p>Las clases se imparten en l\u00ednea por v\u00eda Zoom. Cada clase tiene una duraci\u00f3n de 1 hora y se toma una vez por semana. Adem\u00e1s de esta hora de clase, el alumno necesitar\u00e1 apartar cierto tiempo diario en el cual pueda practicar la tarea que se le dejar\u00e1 en clase.<\/p>\n<p><strong>ACOMPA\u00d1AMIENTO DEL PROFESOR<\/strong>\u00a0<\/p>\n<p>Un buen profesor no solo debe impartir la clase, sino tambi\u00e9n debe de acompa\u00f1ar a sus alumnos en su crecimiento musical dentro y fuera de clases. Por ello, mis alumnos pueden estar en comunicaci\u00f3n conmigo aun fuera de clases, mis alumnos pueden escribirme en cualquier momento para resolver alguna duda que les haya surgido al hacer sus tareas.\u00a0<\/p>\n<p><strong>\u00bfQUI\u00c9N PUEDE COMENZAR A TOMAR CLASES?<\/strong><\/p>\n<p>Toda persona que tenga un piano ac\u00fastico o un piano digital (tambi\u00e9n llamado teclado) puede comenzar a tomar las clases. En cuanto a la edad no hay l\u00edmite de edad, solamente en el caso de los ni\u00f1os recomiendo que sea a partir de que el ni\u00f1o sea capaz de leer (palabras) al menos lo b\u00e1sico, lo ideal ser\u00eda comenzar a partir de los 6 a\u00f1os, pero he tenido alumnos a partir de los 4 a\u00f1os.<\/p>\n<p style=\"text-align: justify;\"><strong>\u00bfDESEA CONOCER M\u00c1S DE LAS CLASES?<\/strong><\/p>\n<p style=\"text-align: justify;\">Si desea conocer m\u00e1s o resolver alguna duda, con gusto podemos tener una reuni\u00f3n v\u00eda Zoom sin ning\u00fan compromiso. Esto con el fin de podernos conocer, darles m\u00e1s detalles de las clases y resolver cualquier duda que les pueda ir surgiendo, y as\u00ed puedan determinar si yo soy el profesor que ustedes est\u00e1n buscando.<\/p>\n<p>&nbsp;<\/p>[\/et_pb_text][et_pb_divider _builder_version=\"4.27.4\" _module_preset=\"default\" divider_style=\"dotted\" divider_weight_last_edited=\"on|tablet\" divider_weight=\"7px\" width=\"100%\" max_width=\"6%\" module_alignment=\"center\" max_width_last_edited=\"on|phone\" hover_enabled=\"0\" sticky_enabled=\"0\" max_width_tablet=\"10%\" max_width_phone=\"18%\" divider_weight_tablet=\"7px\" divider_weight_phone=\"7px\"][\/et_pb_divider][\/et_pb_column][\/et_pb_row][et_pb_row module_id=\"acercademi\" _builder_version=\"4.27.4\" _module_preset=\"default\" custom_padding=\"3px||0px|||\" animation_style=\"fade\" global_colors_info=\"{}\"][et_pb_column type=\"4_4\" _builder_version=\"4.27.4\" _module_preset=\"default\" global_colors_info=\"{}\"][et_pb_text _builder_version=\"4.27.4\" _module_preset=\"default\" text_font=\"Inter||||||||\" header_2_font=\"Cormorant Garamond|700|||||||\" header_2_text_align=\"center\" header_2_text_color=\"#000000\" header_2_font_size=\"30px\" header_2_letter_spacing=\"1px\" header_2_line_height=\"0.8em\" header_4_font=\"Inter||||||||\" header_4_text_align=\"center\" header_4_text_color=\"#000000\" header_4_font_size=\"16px\" header_4_letter_spacing=\"1px\" module_alignment=\"center\" custom_margin=\"3px||-13px|||\" custom_padding=\"1px||14px|||\" hover_enabled=\"0\" header_2_font_size_tablet=\"30px\" header_2_font_size_phone=\"22px\" header_2_font_size_last_edited=\"on|phone\" header_4_font_size_tablet=\"15px\" header_4_font_size_phone=\"13px\" header_4_font_size_last_edited=\"on|tablet\" locked=\"off\" global_colors_info=\"{}\" sticky_enabled=\"0\"]<h4><\/h4>\n<h2>\u00a0ACERCA DE M\u00cd<\/h2>[\/et_pb_text][et_pb_text _builder_version=\"4.27.4\" _module_preset=\"default\" text_font=\"Open Sans||||||||\" text_text_color=\"#000000\" text_font_size=\"17px\" header_font=\"Montserrat|600|||||||\" header_text_align=\"center\" header_text_color=\"#000000\" text_orientation=\"justified\" custom_margin=\"||4px|||\" custom_padding=\"13px||10px|||\" text_font_size_tablet=\"17px\" text_font_size_phone=\"16px\" text_font_size_last_edited=\"on|phone\" header_font_size_tablet=\"\" header_font_size_phone=\"\" header_font_size_last_edited=\"on|phone\" global_colors_info=\"{}\"]<h1 style=\"text-align: center;\"><\/h1>\n<p style=\"text-align: justify;\">Me he dedicado a la ense\u00f1anza del piano desde hace varios a\u00f1os. Comenc\u00e9 a impartir mis primeras clases en el a\u00f1o 2009, pero fue a partir del a\u00f1o 2017 que comenc\u00e9 a dedicarme de tiempo completo a ense\u00f1ar piano a trav\u00e9s de clases particulares. Desde entonces, he tenido el privilegio de trabajar hasta con m\u00e1s de 20 alumnos por semana, abarcando alumnos de diversas edades y niveles. Adem\u00e1s de mi pasi\u00f3n por la m\u00fasica, tambi\u00e9n me gustan las ciencias naturales, especialmente la qu\u00edmica y la biolog\u00eda.<\/p>\n<p style=\"text-align: justify;\">Mis estudios musicales comenzaron en la adolescencia cuando comenc\u00e9 a estudiar piano en una academia particular, luego continu\u00e9 mis estudios en la escuela de m\u00fasica de la Universidad de Guadalajara, donde primero curs\u00e9 el taller de m\u00fasica, tras haberlo concluido ingres\u00e9 a la carrera profesional de m\u00fasica en esa misma universidad donde recib\u00ed mis clases de piano del maestro Marco Antonio Verd\u00edn y de la reconocida maestra Leonor Montijo Beraud.<\/p>\n<p style=\"text-align: justify;\">Despu\u00e9s, con el fin de crecer en mi formaci\u00f3n personal y ampliar mis conocimientos generales, decid\u00ed estudiar ciencias en el Centro Universitario de Ciencias Exactas de la Universidad de Guadalajara, donde estudi\u00e9 y me titul\u00e9 en la licenciatura de Qu\u00edmico Farmacobi\u00f3logo. Y aunque tengo un gran gusto por las ciencias, con el paso del tiempo he ido comprendiendo que Dios me dio la m\u00fasica como mi m\u00e1s grande pasi\u00f3n y vocaci\u00f3n, es por ello que me he dedicado a la m\u00fasica y a impartir clases de piano.<\/p>\n<p style=\"text-align: justify;\">Con el fin de seguir creciendo en mi conocimiento musical he continuado mis estudios musicales a trav\u00e9s de clases particulares de piano con la maestra alemana, Marita Zimmer.\u00a0<\/p>\n<p style=\"text-align: justify;\">Tengo una gran gusto por la producci\u00f3n musical, me enfoco particularmente en la producci\u00f3n de himnos cristianos; a lo largo de los a\u00f1os me he dedicado a grabar himnos junto con otros hermanos, encarg\u00e1ndome de la direcci\u00f3n musical de estos proyectos. Actualmente estoy trabajando y dirigiendo un nuevo proyecto de grabaci\u00f3n de himnos. Tambi\u00e9n he participado como pianista en agrupaciones musicales.\u00a0 \u00a0<\/p>\n<p style=\"text-align: justify;\"><\/p>[\/et_pb_text][\/et_pb_column][\/et_pb_row][\/et_pb_section]","_et_gb_content_width":"","footnotes":""},"class_list":["post-3176","page","type-page","status-publish","hentry"],"_links":{"self":[{"href":"https:\/\/moisesfregosomusica.com\/index.php\/wp-json\/wp\/v2\/pages\/3176","targetHints":{"allow":["GET"]}}],"collection":[{"href":"https:\/\/moisesfregosomusica.com\/index.php\/wp-json\/wp\/v2\/pages"}],"about":[{"href":"https:\/\/moisesfregosomusica.com\/index.php\/wp-json\/wp\/v2\/types\/page"}],"author":[{"embeddable":true,"href":"https:\/\/moisesfregosomusica.com\/index.php\/wp-json\/wp\/v2\/users\/1"}],"replies":[{"embeddable":true,"href":"https:\/\/moisesfregosomusica.com\/index.php\/wp-json\/wp\/v2\/comments?post=3176"}],"version-history":[{"count":5,"href":"https:\/\/moisesfregosomusica.com\/index.php\/wp-json\/wp\/v2\/pages\/3176\/revisions"}],"predecessor-version":[{"id":3187,"href":"https:\/\/moisesfregosomusica.com\/index.php\/wp-json\/wp\/v2\/pages\/3176\/revisions\/3187"}],"wp:attachment":[{"href":"https:\/\/moisesfregosomusica.com\/index.php\/wp-json\/wp\/v2\/media?parent=3176"}],"curies":[{"name":"wp","href":"https:\/\/api.w.org\/{rel}","templated":true}]}}